{"id":1348,"date":"2020-01-20T09:47:46","date_gmt":"2020-01-20T08:47:46","guid":{"rendered":"https:\/\/www.endres-lighting.de\/wordpress\/?page_id=1348"},"modified":"2026-01-13T12:27:22","modified_gmt":"2026-01-13T11:27:22","slug":"fertigung-kreativitaet-und-know-how","status":"publish","type":"page","link":"https:\/\/www.endres-lighting.de\/el\/fertigung-kreativitaet-und-know-how\/","title":{"rendered":"Fertigung \u2013 Kreativit\u00e4t und Know-how!"},"content":{"rendered":"\t\t<div data-elementor-type=\"wp-page\" data-elementor-id=\"1348\" class=\"elementor elementor-1348\">\n\t\t\t\t\t\t<section class=\"elementor-section elementor-top-section elementor-element elementor-element-33d01624 elementor-section-boxed elementor-section-height-default elementor-section-height-default\" data-id=\"33d01624\" data-element_type=\"section\" data-e-type=\"section\">\n\t\t\t\t\t\t<div class=\"elementor-container elementor-column-gap-default\">\n\t\t\t\t\t<div class=\"elementor-column elementor-col-100 elementor-top-column elementor-element elementor-element-1d5e5395\" data-id=\"1d5e5395\" data-element_type=\"column\" data-e-type=\"column\">\n\t\t\t<div class=\"elementor-widget-wrap elementor-element-populated\">\n\t\t\t\t\t\t<div class=\"elementor-element elementor-element-4e87c1f5 elementor-widget elementor-widget-text-editor\" data-id=\"4e87c1f5\" data-element_type=\"widget\" data-e-type=\"widget\" data-widget_type=\"text-editor.default\">\n\t\t\t\t<div class=\"elementor-widget-container\">\n\t\t\t\t\t\t\t\t\t<p><\/p>\n<h2 class=\"wp-block-heading\">Fertigung \u2013 Kreativit\u00e4t und Know-how!<\/h2>\n<p><\/p>\n<p><\/p>\n<p class=\"wp-block-paragraph\">Bei ENDRES Lighting werden einige Produkte von Hand gefertigt. Dazu z\u00e4hlen verschiedene Elemente f\u00fcr Weihnachtsbeleuchtung, <br>wie z. B. Aluminium-Rahmen f\u00fcr Weihnachtsmotive (auf Anfrage), die bei uns ebenfalls von Hand mit LED-Beleuchtung vorkonfektioniert werden. <br>Auch LED-Umr\u00fcsts\u00e4tze f\u00fcr Stra\u00dfenbeleuchtung werden hier geplant, konzipiert und von Hand montiert.<\/p>\n<p><\/p>\n<p><\/p>\n<p><\/p>\t\t\t\t\t\t\t\t<\/div>\n\t\t\t\t<\/div>\n\t\t\t\t\t<\/div>\n\t\t<\/div>\n\t\t\t\t\t<\/div>\n\t\t<\/section>\n\t\t\t\t<section class=\"elementor-section elementor-top-section elementor-element elementor-element-08947d3 elementor-section-boxed elementor-section-height-default elementor-section-height-default\" data-id=\"08947d3\" data-element_type=\"section\" data-e-type=\"section\">\n\t\t\t\t\t\t<div class=\"elementor-container elementor-column-gap-default\">\n\t\t\t\t\t<div class=\"elementor-column elementor-col-33 elementor-top-column elementor-element elementor-element-b75650c\" data-id=\"b75650c\" data-element_type=\"column\" data-e-type=\"column\">\n\t\t\t<div class=\"elementor-widget-wrap elementor-element-populated\">\n\t\t\t\t\t\t<div class=\"elementor-element elementor-element-a6495e2 elementor-widget elementor-widget-text-editor\" data-id=\"a6495e2\" data-element_type=\"widget\" data-e-type=\"widget\" data-widget_type=\"text-editor.default\">\n\t\t\t\t<div class=\"elementor-widget-container\">\n\t\t\t\t\t\t\t\t\t<p><img fetchpriority=\"high\" decoding=\"async\" class=\"alignnone wp-image-2867\" src=\"https:\/\/www.endres-lighting.de\/el\/wp-content\/uploads\/2020\/03\/Pandia-Plato-wird-von-Hand-montiert-im-Firmensitz-in-Polch-300x168.jpg\" alt=\"Alle Pandia Plato LED Umr\u00fcsts\u00e4tze werden von Hand montiert.\" width=\"380\" height=\"213\" srcset=\"https:\/\/www.endres-lighting.de\/el\/wp-content\/uploads\/2020\/03\/Pandia-Plato-wird-von-Hand-montiert-im-Firmensitz-in-Polch-300x168.jpg 300w, https:\/\/www.endres-lighting.de\/el\/wp-content\/uploads\/2020\/03\/Pandia-Plato-wird-von-Hand-montiert-im-Firmensitz-in-Polch-700x393.jpg 700w, https:\/\/www.endres-lighting.de\/el\/wp-content\/uploads\/2020\/03\/Pandia-Plato-wird-von-Hand-montiert-im-Firmensitz-in-Polch.jpg 730w\" sizes=\"(max-width: 380px) 100vw, 380px\" \/><\/p>\n<p>Die Pandia Plato LED Module werden in unserem Firmensitz von Hand montiert.<\/p>\t\t\t\t\t\t\t\t<\/div>\n\t\t\t\t<\/div>\n\t\t\t\t\t<\/div>\n\t\t<\/div>\n\t\t\t\t<div class=\"elementor-column elementor-col-33 elementor-top-column elementor-element elementor-element-05777b7\" data-id=\"05777b7\" data-element_type=\"column\" data-e-type=\"column\">\n\t\t\t<div class=\"elementor-widget-wrap elementor-element-populated\">\n\t\t\t\t\t\t<div class=\"elementor-element elementor-element-d202ef1 elementor-widget elementor-widget-text-editor\" data-id=\"d202ef1\" data-element_type=\"widget\" data-e-type=\"widget\" data-widget_type=\"text-editor.default\">\n\t\t\t\t<div class=\"elementor-widget-container\">\n\t\t\t\t\t\t\t\t\t<p><img decoding=\"async\" class=\"alignnone wp-image-2868\" style=\"border-radius: inherit;\" src=\"https:\/\/www.endres-lighting.de\/el\/wp-content\/uploads\/2020\/03\/Pandia-Plato-wird-von-Hand-montiert-im-Firmensitz-in-Polch-2-300x168.jpg\" alt=\"Montage von Hand in unserem Firmensitz\" width=\"380\" height=\"213\" srcset=\"https:\/\/www.endres-lighting.de\/el\/wp-content\/uploads\/2020\/03\/Pandia-Plato-wird-von-Hand-montiert-im-Firmensitz-in-Polch-2-300x168.jpg 300w, https:\/\/www.endres-lighting.de\/el\/wp-content\/uploads\/2020\/03\/Pandia-Plato-wird-von-Hand-montiert-im-Firmensitz-in-Polch-2-700x393.jpg 700w, https:\/\/www.endres-lighting.de\/el\/wp-content\/uploads\/2020\/03\/Pandia-Plato-wird-von-Hand-montiert-im-Firmensitz-in-Polch-2.jpg 730w\" sizes=\"(max-width: 380px) 100vw, 380px\" \/><\/p>\n<p>Die Komponenten werden miteinander<br \/>verbunden \u2013 Treiber und Optiken werden verschraubt und an der Montageplatte befestigt.<\/p>\t\t\t\t\t\t\t\t<\/div>\n\t\t\t\t<\/div>\n\t\t\t\t\t<\/div>\n\t\t<\/div>\n\t\t\t\t<div class=\"elementor-column elementor-col-33 elementor-top-column elementor-element elementor-element-b59d240\" data-id=\"b59d240\" data-element_type=\"column\" data-e-type=\"column\">\n\t\t\t<div class=\"elementor-widget-wrap elementor-element-populated\">\n\t\t\t\t\t\t<div class=\"elementor-element elementor-element-c207e91 elementor-widget elementor-widget-text-editor\" data-id=\"c207e91\" data-element_type=\"widget\" data-e-type=\"widget\" data-widget_type=\"text-editor.default\">\n\t\t\t\t<div class=\"elementor-widget-container\">\n\t\t\t\t\t\t\t\t\t<p><img decoding=\"async\" class=\"alignnone wp-image-2866\" style=\"border-radius: inherit;\" src=\"https:\/\/www.endres-lighting.de\/el\/wp-content\/uploads\/2020\/03\/Pandia-Plato-wird-getestet-300x168.jpg\" alt=\"Alle Pandia Plato werden nach der Monatge getestet\" width=\"380\" height=\"213\" srcset=\"https:\/\/www.endres-lighting.de\/el\/wp-content\/uploads\/2020\/03\/Pandia-Plato-wird-getestet-300x168.jpg 300w, https:\/\/www.endres-lighting.de\/el\/wp-content\/uploads\/2020\/03\/Pandia-Plato-wird-getestet-700x393.jpg 700w, https:\/\/www.endres-lighting.de\/el\/wp-content\/uploads\/2020\/03\/Pandia-Plato-wird-getestet.jpg 730w\" sizes=\"(max-width: 380px) 100vw, 380px\" \/><\/p>\n<p>Nachdem alle Komponenten getestet und miteinander verbunden wurden, wird jedes einzelne Modul nochmals eingehend gepr\u00fcft.<\/p>\t\t\t\t\t\t\t\t<\/div>\n\t\t\t\t<\/div>\n\t\t\t\t\t<\/div>\n\t\t<\/div>\n\t\t\t\t\t<\/div>\n\t\t<\/section>\n\t\t\t\t<section class=\"elementor-section elementor-top-section elementor-element elementor-element-7b34d24 elementor-section-boxed elementor-section-height-default elementor-section-height-default\" data-id=\"7b34d24\" data-element_type=\"section\" data-e-type=\"section\">\n\t\t\t\t\t\t<div class=\"elementor-container elementor-column-gap-default\">\n\t\t\t\t\t<div class=\"elementor-column elementor-col-33 elementor-top-column elementor-element elementor-element-77347d9\" data-id=\"77347d9\" data-element_type=\"column\" data-e-type=\"column\">\n\t\t\t<div class=\"elementor-widget-wrap elementor-element-populated\">\n\t\t\t\t\t\t<div class=\"elementor-element elementor-element-385a2e7 elementor-widget elementor-widget-text-editor\" data-id=\"385a2e7\" data-element_type=\"widget\" data-e-type=\"widget\" data-widget_type=\"text-editor.default\">\n\t\t\t\t<div class=\"elementor-widget-container\">\n\t\t\t\t\t\t\t\t\t<p><img loading=\"lazy\" decoding=\"async\" width=\"480\" height=\"272\" class=\"wp-image-530\" style=\"border-radius: inherit;\" src=\"https:\/\/www.endres-lighting.de\/el\/wp-content\/uploads\/2019\/01\/Produktion_Weihnachtskugel.png\" alt=\"Rattankugeln werden mit LED Beluchtung konfektioniert.\" srcset=\"https:\/\/www.endres-lighting.de\/el\/wp-content\/uploads\/2019\/01\/Produktion_Weihnachtskugel.png 480w, https:\/\/www.endres-lighting.de\/el\/wp-content\/uploads\/2019\/01\/Produktion_Weihnachtskugel-300x170.png 300w\" sizes=\"(max-width: 480px) 100vw, 480px\" \/><\/p>\n<p>Hier wird die Beleuchtung in den <br \/>Rattankugeln befestigt.<\/p>\t\t\t\t\t\t\t\t<\/div>\n\t\t\t\t<\/div>\n\t\t\t\t\t<\/div>\n\t\t<\/div>\n\t\t\t\t<div class=\"elementor-column elementor-col-33 elementor-top-column elementor-element elementor-element-b246497\" data-id=\"b246497\" data-element_type=\"column\" data-e-type=\"column\">\n\t\t\t<div class=\"elementor-widget-wrap elementor-element-populated\">\n\t\t\t\t\t\t<div class=\"elementor-element elementor-element-58ee61a elementor-widget elementor-widget-text-editor\" data-id=\"58ee61a\" data-element_type=\"widget\" data-e-type=\"widget\" data-widget_type=\"text-editor.default\">\n\t\t\t\t<div class=\"elementor-widget-container\">\n\t\t\t\t\t\t\t\t\t<p><img loading=\"lazy\" decoding=\"async\" width=\"380\" height=\"215\" class=\"wp-image-531\" style=\"border-radius: inherit;\" src=\"https:\/\/www.endres-lighting.de\/el\/wp-content\/uploads\/2019\/01\/sparkasse__2016_ratankugeln.png\" alt=\"Rattankugeln mit Beleuchtung.\" srcset=\"https:\/\/www.endres-lighting.de\/el\/wp-content\/uploads\/2019\/01\/sparkasse__2016_ratankugeln.png 380w, https:\/\/www.endres-lighting.de\/el\/wp-content\/uploads\/2019\/01\/sparkasse__2016_ratankugeln-300x170.png 300w\" sizes=\"(max-width: 380px) 100vw, 380px\" \/><\/p>\n<p>Fertig! <br \/>Die Montage bei der Sparkasse Koblenz.<\/p>\t\t\t\t\t\t\t\t<\/div>\n\t\t\t\t<\/div>\n\t\t\t\t\t<\/div>\n\t\t<\/div>\n\t\t\t\t<div class=\"elementor-column elementor-col-33 elementor-top-column elementor-element elementor-element-b54ef8e\" data-id=\"b54ef8e\" data-element_type=\"column\" data-e-type=\"column\">\n\t\t\t<div class=\"elementor-widget-wrap elementor-element-populated\">\n\t\t\t\t\t\t<div class=\"elementor-element elementor-element-6126b80 elementor-widget elementor-widget-text-editor\" data-id=\"6126b80\" data-element_type=\"widget\" data-e-type=\"widget\" data-widget_type=\"text-editor.default\">\n\t\t\t\t<div class=\"elementor-widget-container\">\n\t\t\t\t\t\t\t\t\t<p><img loading=\"lazy\" decoding=\"async\" width=\"1280\" height=\"720\" class=\"wp-image-115\" style=\"border-radius: inherit;\" src=\"https:\/\/www.endres-lighting.de\/el\/wp-content\/uploads\/2019\/01\/xmas-beleuchtung-spko-header-1280x720.jpg\" alt=\"Weihnachtsbeleuchtung\" srcset=\"https:\/\/www.endres-lighting.de\/el\/wp-content\/uploads\/2019\/01\/xmas-beleuchtung-spko-header-1280x720.jpg 1280w, https:\/\/www.endres-lighting.de\/el\/wp-content\/uploads\/2019\/01\/xmas-beleuchtung-spko-header-1280x720-700x394.jpg 700w, https:\/\/www.endres-lighting.de\/el\/wp-content\/uploads\/2019\/01\/xmas-beleuchtung-spko-header-1280x720-300x169.jpg 300w, https:\/\/www.endres-lighting.de\/el\/wp-content\/uploads\/2019\/01\/xmas-beleuchtung-spko-header-1280x720-768x432.jpg 768w, https:\/\/www.endres-lighting.de\/el\/wp-content\/uploads\/2019\/01\/xmas-beleuchtung-spko-header-1280x720-1024x576.jpg 1024w\" sizes=\"(max-width: 1280px) 100vw, 1280px\" \/><\/p>\n<p>Die Weihnachtsbeleuchtung \u2013 dekorative Rattankugeln mit <span style=\"color: var( --e-global-color-text ); font-family: var( --e-global-typography-text-font-family ); font-weight: var( --e-global-typography-text-font-weight );\">LED-Beleuchtung bei Nacht.<\/span><\/p>\t\t\t\t\t\t\t\t<\/div>\n\t\t\t\t<\/div>\n\t\t\t\t\t<\/div>\n\t\t<\/div>\n\t\t\t\t\t<\/div>\n\t\t<\/section>\n\t\t\t\t<section class=\"elementor-section elementor-top-section elementor-element elementor-element-9969314 elementor-section-boxed elementor-section-height-default elementor-section-height-default\" data-id=\"9969314\" data-element_type=\"section\" data-e-type=\"section\">\n\t\t\t\t\t\t<div class=\"elementor-container elementor-column-gap-default\">\n\t\t\t\t\t<div class=\"elementor-column elementor-col-33 elementor-top-column elementor-element elementor-element-f28d301\" data-id=\"f28d301\" data-element_type=\"column\" data-e-type=\"column\">\n\t\t\t<div class=\"elementor-widget-wrap elementor-element-populated\">\n\t\t\t\t\t\t<div class=\"elementor-element elementor-element-d9015db elementor-widget elementor-widget-text-editor\" data-id=\"d9015db\" data-element_type=\"widget\" data-e-type=\"widget\" data-widget_type=\"text-editor.default\">\n\t\t\t\t<div class=\"elementor-widget-container\">\n\t\t\t\t\t\t\t\t\t<p><img loading=\"lazy\" decoding=\"async\" width=\"1365\" height=\"1024\" class=\"wp-image-1375\" style=\"border-radius: inherit;\" src=\"https:\/\/www.endres-lighting.de\/el\/wp-content\/uploads\/2020\/01\/Sofia-konfektioniert-Weihnachtsbaum-1365x1024.jpg\" alt=\"\" srcset=\"https:\/\/www.endres-lighting.de\/el\/wp-content\/uploads\/2020\/01\/Sofia-konfektioniert-Weihnachtsbaum-1365x1024.jpg 1365w, https:\/\/www.endres-lighting.de\/el\/wp-content\/uploads\/2020\/01\/Sofia-konfektioniert-Weihnachtsbaum-scaled-350x263.jpg 350w, https:\/\/www.endres-lighting.de\/el\/wp-content\/uploads\/2020\/01\/Sofia-konfektioniert-Weihnachtsbaum-scaled-700x525.jpg 700w, https:\/\/www.endres-lighting.de\/el\/wp-content\/uploads\/2020\/01\/Sofia-konfektioniert-Weihnachtsbaum-300x225.jpg 300w, https:\/\/www.endres-lighting.de\/el\/wp-content\/uploads\/2020\/01\/Sofia-konfektioniert-Weihnachtsbaum-768x576.jpg 768w, https:\/\/www.endres-lighting.de\/el\/wp-content\/uploads\/2020\/01\/Sofia-konfektioniert-Weihnachtsbaum-1536x1152.jpg 1536w, https:\/\/www.endres-lighting.de\/el\/wp-content\/uploads\/2020\/01\/Sofia-konfektioniert-Weihnachtsbaum-2048x1536.jpg 2048w\" sizes=\"(max-width: 1365px) 100vw, 1365px\" \/><\/p>\n<p>Die Weihnachtsb\u00e4ume werden mit<br>LED-Lichterketten konfektioniert.<\/p>\t\t\t\t\t\t\t\t<\/div>\n\t\t\t\t<\/div>\n\t\t\t\t\t<\/div>\n\t\t<\/div>\n\t\t\t\t<div class=\"elementor-column elementor-col-33 elementor-top-column elementor-element elementor-element-c992454\" data-id=\"c992454\" data-element_type=\"column\" data-e-type=\"column\">\n\t\t\t<div class=\"elementor-widget-wrap elementor-element-populated\">\n\t\t\t\t\t\t<div class=\"elementor-element elementor-element-bb68d35 elementor-widget elementor-widget-text-editor\" data-id=\"bb68d35\" data-element_type=\"widget\" data-e-type=\"widget\" data-widget_type=\"text-editor.default\">\n\t\t\t\t<div class=\"elementor-widget-container\">\n\t\t\t\t\t\t\t\t\t<p><img loading=\"lazy\" decoding=\"async\" width=\"1365\" height=\"1024\" class=\"wp-image-1376\" style=\"border-radius: inherit;\" src=\"https:\/\/www.endres-lighting.de\/el\/wp-content\/uploads\/2020\/01\/Sofia-konfektioniert-Weihnachtsbaum-2-1365x1024.jpg\" alt=\"\" data-wp-editing=\"1\" srcset=\"https:\/\/www.endres-lighting.de\/el\/wp-content\/uploads\/2020\/01\/Sofia-konfektioniert-Weihnachtsbaum-2-1365x1024.jpg 1365w, https:\/\/www.endres-lighting.de\/el\/wp-content\/uploads\/2020\/01\/Sofia-konfektioniert-Weihnachtsbaum-2-scaled-350x263.jpg 350w, https:\/\/www.endres-lighting.de\/el\/wp-content\/uploads\/2020\/01\/Sofia-konfektioniert-Weihnachtsbaum-2-scaled-700x525.jpg 700w, https:\/\/www.endres-lighting.de\/el\/wp-content\/uploads\/2020\/01\/Sofia-konfektioniert-Weihnachtsbaum-2-300x225.jpg 300w, https:\/\/www.endres-lighting.de\/el\/wp-content\/uploads\/2020\/01\/Sofia-konfektioniert-Weihnachtsbaum-2-768x576.jpg 768w, https:\/\/www.endres-lighting.de\/el\/wp-content\/uploads\/2020\/01\/Sofia-konfektioniert-Weihnachtsbaum-2-1536x1152.jpg 1536w, https:\/\/www.endres-lighting.de\/el\/wp-content\/uploads\/2020\/01\/Sofia-konfektioniert-Weihnachtsbaum-2-2048x1536.jpg 2048w\" sizes=\"(max-width: 1365px) 100vw, 1365px\" \/><\/p>\n<p>Damit die R\u00e4ume unserer Kunden in weihnachtlichem Glanz erstrahlen.<\/p>\t\t\t\t\t\t\t\t<\/div>\n\t\t\t\t<\/div>\n\t\t\t\t\t<\/div>\n\t\t<\/div>\n\t\t\t\t<div class=\"elementor-column elementor-col-33 elementor-top-column elementor-element elementor-element-ca54efe\" data-id=\"ca54efe\" data-element_type=\"column\" data-e-type=\"column\">\n\t\t\t<div class=\"elementor-widget-wrap elementor-element-populated\">\n\t\t\t\t\t\t<div class=\"elementor-element elementor-element-7a6d043 elementor-widget elementor-widget-text-editor\" data-id=\"7a6d043\" data-element_type=\"widget\" data-e-type=\"widget\" data-widget_type=\"text-editor.default\">\n\t\t\t\t<div class=\"elementor-widget-container\">\n\t\t\t\t\t\t\t\t\t<p><img loading=\"lazy\" decoding=\"async\" class=\"alignnone wp-image-5339 size-full\" src=\"https:\/\/www.endres-lighting.de\/el\/wp-content\/uploads\/2021\/02\/Fast-fertig-Nun-haben-wir-uns-eine-kleine-Pause-verdient..jpg\" alt=\"\" width=\"1365\" height=\"1024\" data-wp-editing=\"1\" srcset=\"https:\/\/www.endres-lighting.de\/el\/wp-content\/uploads\/2021\/02\/Fast-fertig-Nun-haben-wir-uns-eine-kleine-Pause-verdient..jpg 1365w, https:\/\/www.endres-lighting.de\/el\/wp-content\/uploads\/2021\/02\/Fast-fertig-Nun-haben-wir-uns-eine-kleine-Pause-verdient.-768x576.jpg 768w, https:\/\/www.endres-lighting.de\/el\/wp-content\/uploads\/2021\/02\/Fast-fertig-Nun-haben-wir-uns-eine-kleine-Pause-verdient.-350x263.jpg 350w, https:\/\/www.endres-lighting.de\/el\/wp-content\/uploads\/2021\/02\/Fast-fertig-Nun-haben-wir-uns-eine-kleine-Pause-verdient.-700x525.jpg 700w, https:\/\/www.endres-lighting.de\/el\/wp-content\/uploads\/2021\/02\/Fast-fertig-Nun-haben-wir-uns-eine-kleine-Pause-verdient.-300x225.jpg 300w\" sizes=\"(max-width: 1365px) 100vw, 1365px\" \/><\/p>\n<p>Fast fertig! <br \/>Nun haben wir uns eine kleine Pause verdient.<\/p>\t\t\t\t\t\t\t\t<\/div>\n\t\t\t\t<\/div>\n\t\t\t\t\t<\/div>\n\t\t<\/div>\n\t\t\t\t\t<\/div>\n\t\t<\/section>\n\t\t\t\t<section class=\"elementor-section elementor-top-section elementor-element elementor-element-507cbb2 elementor-section-boxed elementor-section-height-default elementor-section-height-default\" data-id=\"507cbb2\" data-element_type=\"section\" data-e-type=\"section\">\n\t\t\t\t\t\t<div class=\"elementor-container elementor-column-gap-default\">\n\t\t\t\t\t<div class=\"elementor-column elementor-col-33 elementor-top-column elementor-element elementor-element-d19289f\" data-id=\"d19289f\" data-element_type=\"column\" data-e-type=\"column\">\n\t\t\t<div class=\"elementor-widget-wrap elementor-element-populated\">\n\t\t\t\t\t\t<div class=\"elementor-element elementor-element-e673aa2 elementor-widget elementor-widget-text-editor\" data-id=\"e673aa2\" data-element_type=\"widget\" data-e-type=\"widget\" data-widget_type=\"text-editor.default\">\n\t\t\t\t<div class=\"elementor-widget-container\">\n\t\t\t\t\t\t\t\t\t<p><img loading=\"lazy\" decoding=\"async\" width=\"1365\" height=\"1024\" class=\"wp-image-1381\" src=\"https:\/\/www.endres-lighting.de\/el\/wp-content\/uploads\/2020\/01\/Silvia-konfektioniert-Girlanden-1365x1024.jpg\" alt=\"\" srcset=\"https:\/\/www.endres-lighting.de\/el\/wp-content\/uploads\/2020\/01\/Silvia-konfektioniert-Girlanden-1365x1024.jpg 1365w, https:\/\/www.endres-lighting.de\/el\/wp-content\/uploads\/2020\/01\/Silvia-konfektioniert-Girlanden-scaled-350x263.jpg 350w, https:\/\/www.endres-lighting.de\/el\/wp-content\/uploads\/2020\/01\/Silvia-konfektioniert-Girlanden-scaled-700x525.jpg 700w, https:\/\/www.endres-lighting.de\/el\/wp-content\/uploads\/2020\/01\/Silvia-konfektioniert-Girlanden-300x225.jpg 300w, https:\/\/www.endres-lighting.de\/el\/wp-content\/uploads\/2020\/01\/Silvia-konfektioniert-Girlanden-768x576.jpg 768w, https:\/\/www.endres-lighting.de\/el\/wp-content\/uploads\/2020\/01\/Silvia-konfektioniert-Girlanden-1536x1152.jpg 1536w, https:\/\/www.endres-lighting.de\/el\/wp-content\/uploads\/2020\/01\/Silvia-konfektioniert-Girlanden-2048x1536.jpg 2048w\" sizes=\"(max-width: 1365px) 100vw, 1365px\" \/><\/p>\n<p>Auch Girlanden k\u00f6nnen Sie fix und fertig<br>bei uns bestellen.<\/p>\t\t\t\t\t\t\t\t<\/div>\n\t\t\t\t<\/div>\n\t\t\t\t\t<\/div>\n\t\t<\/div>\n\t\t\t\t<div class=\"elementor-column elementor-col-33 elementor-top-column elementor-element elementor-element-530f09a\" data-id=\"530f09a\" data-element_type=\"column\" data-e-type=\"column\">\n\t\t\t<div class=\"elementor-widget-wrap elementor-element-populated\">\n\t\t\t\t\t\t<div class=\"elementor-element elementor-element-1be5aab elementor-widget elementor-widget-text-editor\" data-id=\"1be5aab\" data-element_type=\"widget\" data-e-type=\"widget\" data-widget_type=\"text-editor.default\">\n\t\t\t\t<div class=\"elementor-widget-container\">\n\t\t\t\t\t\t\t\t\t<p><img loading=\"lazy\" decoding=\"async\" class=\"alignnone wp-image-1382\" src=\"https:\/\/www.endres-lighting.de\/el\/wp-content\/uploads\/2020\/01\/Silvia-konfektioniert-Girlanden-2-1365x1024.jpg\" alt=\"\" width=\"1365\" height=\"1024\" srcset=\"https:\/\/www.endres-lighting.de\/el\/wp-content\/uploads\/2020\/01\/Silvia-konfektioniert-Girlanden-2-1365x1024.jpg 1365w, https:\/\/www.endres-lighting.de\/el\/wp-content\/uploads\/2020\/01\/Silvia-konfektioniert-Girlanden-2-scaled-350x263.jpg 350w, https:\/\/www.endres-lighting.de\/el\/wp-content\/uploads\/2020\/01\/Silvia-konfektioniert-Girlanden-2-scaled-700x525.jpg 700w, https:\/\/www.endres-lighting.de\/el\/wp-content\/uploads\/2020\/01\/Silvia-konfektioniert-Girlanden-2-300x225.jpg 300w, https:\/\/www.endres-lighting.de\/el\/wp-content\/uploads\/2020\/01\/Silvia-konfektioniert-Girlanden-2-768x576.jpg 768w, https:\/\/www.endres-lighting.de\/el\/wp-content\/uploads\/2020\/01\/Silvia-konfektioniert-Girlanden-2-1536x1152.jpg 1536w, https:\/\/www.endres-lighting.de\/el\/wp-content\/uploads\/2020\/01\/Silvia-konfektioniert-Girlanden-2-2048x1536.jpg 2048w\" sizes=\"(max-width: 1365px) 100vw, 1365px\" \/><\/p>\n<p>Weihnachtlicher Flair f\u00fcr viele Einsatzbereiche . . .<\/p>\t\t\t\t\t\t\t\t<\/div>\n\t\t\t\t<\/div>\n\t\t\t\t\t<\/div>\n\t\t<\/div>\n\t\t\t\t<div class=\"elementor-column elementor-col-33 elementor-top-column elementor-element elementor-element-a562fa4\" data-id=\"a562fa4\" data-element_type=\"column\" data-e-type=\"column\">\n\t\t\t<div class=\"elementor-widget-wrap elementor-element-populated\">\n\t\t\t\t\t\t<div class=\"elementor-element elementor-element-27be25b elementor-widget elementor-widget-text-editor\" data-id=\"27be25b\" data-element_type=\"widget\" data-e-type=\"widget\" data-widget_type=\"text-editor.default\">\n\t\t\t\t<div class=\"elementor-widget-container\">\n\t\t\t\t\t\t\t\t\t<p><img loading=\"lazy\" decoding=\"async\" width=\"1365\" height=\"1024\" class=\"wp-image-1383\" style=\"border-radius: inherit;\" src=\"https:\/\/www.endres-lighting.de\/el\/wp-content\/uploads\/2020\/01\/Silvia-konfektioniert-Girlanden-3-1365x1024.jpg\" alt=\"\" srcset=\"https:\/\/www.endres-lighting.de\/el\/wp-content\/uploads\/2020\/01\/Silvia-konfektioniert-Girlanden-3-1365x1024.jpg 1365w, https:\/\/www.endres-lighting.de\/el\/wp-content\/uploads\/2020\/01\/Silvia-konfektioniert-Girlanden-3-scaled-350x263.jpg 350w, https:\/\/www.endres-lighting.de\/el\/wp-content\/uploads\/2020\/01\/Silvia-konfektioniert-Girlanden-3-scaled-700x525.jpg 700w, https:\/\/www.endres-lighting.de\/el\/wp-content\/uploads\/2020\/01\/Silvia-konfektioniert-Girlanden-3-300x225.jpg 300w, https:\/\/www.endres-lighting.de\/el\/wp-content\/uploads\/2020\/01\/Silvia-konfektioniert-Girlanden-3-768x576.jpg 768w, https:\/\/www.endres-lighting.de\/el\/wp-content\/uploads\/2020\/01\/Silvia-konfektioniert-Girlanden-3-1536x1152.jpg 1536w, https:\/\/www.endres-lighting.de\/el\/wp-content\/uploads\/2020\/01\/Silvia-konfektioniert-Girlanden-3-2048x1536.jpg 2048w\" sizes=\"(max-width: 1365px) 100vw, 1365px\" \/><\/p>\n<p>. . . mit moderner LED-Beleuchtung.<\/p>\t\t\t\t\t\t\t\t<\/div>\n\t\t\t\t<\/div>\n\t\t\t\t\t<\/div>\n\t\t<\/div>\n\t\t\t\t\t<\/div>\n\t\t<\/section>\n\t\t\t\t<\/div>\n\t\t","protected":false},"excerpt":{"rendered":"<p>Fertigung \u2013 Kreativit\u00e4t und Know-how! Bei ENDRES Lighting werden einige Produkte von Hand gefertigt. Dazu z\u00e4hlen verschiedene Elemente f\u00fcr Weihnachtsbeleuchtung, wie z. B. Aluminium-Rahmen f\u00fcr Weihnachtsmotive (auf Anfrage), die bei uns ebenfalls von Hand mit LED-Beleuchtung vorkonfektioniert werden. Auch LED-Umr\u00fcsts\u00e4tze f\u00fcr Stra\u00dfenbeleuchtung werden hier geplant, konzipiert und von Hand montiert. Die Pandia Plato LED Module [&hellip;]<\/p>\n","protected":false},"author":1,"featured_media":0,"parent":0,"menu_order":0,"comment_status":"closed","ping_status":"closed","template":"","meta":{"_crdt_document":"","_monsterinsights_skip_tracking":false,"_monsterinsights_sitenote_active":false,"_monsterinsights_sitenote_note":"","_monsterinsights_sitenote_category":0,"footnotes":""},"class_list":["post-1348","page","type-page","status-publish","hentry"],"_links":{"self":[{"href":"https:\/\/www.endres-lighting.de\/el\/wp-json\/wp\/v2\/pages\/1348","targetHints":{"allow":["GET"]}}],"collection":[{"href":"https:\/\/www.endres-lighting.de\/el\/wp-json\/wp\/v2\/pages"}],"about":[{"href":"https:\/\/www.endres-lighting.de\/el\/wp-json\/wp\/v2\/types\/page"}],"author":[{"embeddable":true,"href":"https:\/\/www.endres-lighting.de\/el\/wp-json\/wp\/v2\/users\/1"}],"replies":[{"embeddable":true,"href":"https:\/\/www.endres-lighting.de\/el\/wp-json\/wp\/v2\/comments?post=1348"}],"version-history":[{"count":142,"href":"https:\/\/www.endres-lighting.de\/el\/wp-json\/wp\/v2\/pages\/1348\/revisions"}],"predecessor-version":[{"id":9386,"href":"https:\/\/www.endres-lighting.de\/el\/wp-json\/wp\/v2\/pages\/1348\/revisions\/9386"}],"wp:attachment":[{"href":"https:\/\/www.endres-lighting.de\/el\/wp-json\/wp\/v2\/media?parent=1348"}],"curies":[{"name":"wp","href":"https:\/\/api.w.org\/{rel}","templated":true}]}}