{"id":3871,"date":"2020-03-25T11:42:10","date_gmt":"2020-03-25T10:42:10","guid":{"rendered":"https:\/\/www.endres-lighting.de\/wordpress\/?post_type=product&#038;p=3871"},"modified":"2025-01-09T09:53:47","modified_gmt":"2025-01-09T08:53:47","slug":"maste-gerade-mit-ansatzbogen","status":"publish","type":"product","link":"https:\/\/www.endres-lighting.de\/el\/produkt\/maste-gerade-mit-ansatzbogen\/","title":{"rendered":"Maste &#8211; gerade mit Ansatzbogen"},"content":{"rendered":"<h3>Maste &#8211; gerade mit Ansatzbogen<\/h3>\n<div class=\"woocommerce-product-details__short-description\">\n<p><strong>Ausf\u00fchrungen in Aluminium oder Stahl<br \/>\nindividuelle Ma\u00dfe f\u00fcr H\u00f6he, Abstufung und Durchmesser lieferbar<\/strong><\/p>\n<\/div>\n<p><strong>Standardausstattung:<br \/>\n<\/strong>T\u00fcr nach DIN 49778 mit Dreikantverschlussschraube, Kabeleinf\u00fchrungs\u00f6ffnung 50 x 150 mm, feuerverzinkt gem\u00e4\u00df DIN EN ISO 1461.<\/p>\n<p style=\"text-align: left;\"><img fetchpriority=\"high\" decoding=\"async\" class=\"wp-image-3720 alignleft\" src=\"https:\/\/www.endres-lighting.de\/el\/wp-content\/uploads\/2020\/03\/Mit-Ansatzbogen.png\" alt=\"\" width=\"214\" height=\"818\" \/><\/p>\n<p>&nbsp;<\/p>\n<p>&nbsp;<\/p>\n<p>&nbsp;<\/p>\n<p><strong>Sonderausstattung\/-anfertigung:<\/strong><\/p>\n<ul>\n<li style=\"text-align: left;\">anschraubbare Grundplatte<\/li>\n<li style=\"text-align: left;\">Korrosionsschutzmanschette PE w\u00e4rmeschrumpfend<\/li>\n<li style=\"text-align: left;\">Schutzanstrich f\u00fcr das Erdst\u00fcck<\/li>\n<li style=\"text-align: left;\">Kantenschutz f\u00fcr Kabeleinf\u00fchrungs\u00f6ffnung<\/li>\n<li style=\"text-align: left;\">Pulverbeschichtung gem. RAL\/DB<\/li>\n<li style=\"text-align: left;\">Nasslackierung gem. RAL\/DB<\/li>\n<li style=\"text-align: left;\">Maste mit Korrosionsschutzmanschette aus Stahl<\/li>\n<li style=\"text-align: left;\">Maste mit Flanschplatte zum Aufschrauben<\/li>\n<\/ul>\n<p><img decoding=\"async\" class=\"alignleft wp-image-3878 \" src=\"https:\/\/www.endres-lighting.de\/el\/wp-content\/uploads\/2020\/03\/Daten-Mast-gerade-mit-ansatzbogen.png\" alt=\"\" width=\"517\" height=\"159\" srcset=\"https:\/\/www.endres-lighting.de\/el\/wp-content\/uploads\/2020\/03\/Daten-Mast-gerade-mit-ansatzbogen.png 748w, https:\/\/www.endres-lighting.de\/el\/wp-content\/uploads\/2020\/03\/Daten-Mast-gerade-mit-ansatzbogen-700x215.png 700w, https:\/\/www.endres-lighting.de\/el\/wp-content\/uploads\/2020\/03\/Daten-Mast-gerade-mit-ansatzbogen-300x92.png 300w\" sizes=\"(max-width: 517px) 100vw, 517px\" \/><\/p>\n<p>&nbsp;<\/p>\n<p>&nbsp;<\/p>\n<p>&nbsp;<\/p>\n<p>&nbsp;<\/p>\n<p>&nbsp;<\/p>\n<p>&nbsp;<\/p>\n<p>&nbsp;<\/p>\n<p>&nbsp;<\/p>\n<p>&nbsp;<\/p>\n<p>&nbsp;<\/p>\n<p>&nbsp;<\/p>\n<p>&nbsp;<\/p>\n","protected":false},"excerpt":{"rendered":"<h5><span style=\"color: #808080;\"><strong>Mast &#8211; gerade mit Ansatzbogen<br \/>\n\u2022 Stahl, feuerverzinkt<br \/>\n\u2022 Zopfdurchmesser 76 mm<br \/>\n\u2022 Stahlg\u00fcte S235 \/ S275 \/ S355<br \/>\n\u2022 DIN EN 40<\/strong><\/span><\/h5>\n<p>&nbsp;<\/p>\n<hr \/>\n<p>&nbsp;<\/p>\n","protected":false},"featured_media":3879,"template":"","meta":{"_crdt_document":"","_monsterinsights_skip_tracking":false,"_monsterinsights_sitenote_active":false,"_monsterinsights_sitenote_note":"","_monsterinsights_sitenote_category":0},"product_brand":[],"product_cat":[108],"product_tag":[213,167,207,165,166,168,169],"class_list":{"0":"post-3871","1":"product","2":"type-product","3":"status-publish","4":"has-post-thumbnail","6":"product_cat-maste","7":"product_tag-ansatzbogen","8":"product_tag-feuerverzinkt","9":"product_tag-gerade","10":"product_tag-mast","11":"product_tag-maste","12":"product_tag-sonderanfertigung","13":"product_tag-zopfdurchmesser","15":"first","16":"instock","17":"shipping-taxable","18":"product-type-simple"},"_links":{"self":[{"href":"https:\/\/www.endres-lighting.de\/el\/wp-json\/wp\/v2\/product\/3871","targetHints":{"allow":["GET"]}}],"collection":[{"href":"https:\/\/www.endres-lighting.de\/el\/wp-json\/wp\/v2\/product"}],"about":[{"href":"https:\/\/www.endres-lighting.de\/el\/wp-json\/wp\/v2\/types\/product"}],"wp:featuredmedia":[{"embeddable":true,"href":"https:\/\/www.endres-lighting.de\/el\/wp-json\/wp\/v2\/media\/3879"}],"wp:attachment":[{"href":"https:\/\/www.endres-lighting.de\/el\/wp-json\/wp\/v2\/media?parent=3871"}],"wp:term":[{"taxonomy":"product_brand","embeddable":true,"href":"https:\/\/www.endres-lighting.de\/el\/wp-json\/wp\/v2\/product_brand?post=3871"},{"taxonomy":"product_cat","embeddable":true,"href":"https:\/\/www.endres-lighting.de\/el\/wp-json\/wp\/v2\/product_cat?post=3871"},{"taxonomy":"product_tag","embeddable":true,"href":"https:\/\/www.endres-lighting.de\/el\/wp-json\/wp\/v2\/product_tag?post=3871"}],"curies":[{"name":"wp","href":"https:\/\/api.w.org\/{rel}","templated":true}]}}